{"id":243,"date":"2023-04-03T19:19:57","date_gmt":"2023-04-03T12:19:57","guid":{"rendered":"https:\/\/conshochiminh.esteri.it\/news\/dal_consolato\/"},"modified":"2023-10-04T22:27:32","modified_gmt":"2023-10-04T15:27:32","slug":"dal_consolato","status":"publish","type":"page","link":"https:\/\/conshochiminh.esteri.it\/vi\/news\/dal_consolato\/","title":{"rendered":"T\u1eeb L\u00e3nh s\u1ef1 qu\u00e1n"},"content":{"rendered":"        <div class=\"row\">\n\t\t\t<!-- Ricerca sedi post -->\n\t\t\t<div class=\"col-12 mt-4\">\n\t\t\t  <div class=\"callout callout-highlight note ricerca-esteri p-4\">\n                    <div class=\"callout-title\">\n                        <svg class=\"icon\">\n                            <use xlink:href=\"https:\/\/conshochiminh.esteri.it\/wp-content\/themes\/sedi-tema\/assets\/svg\/sprites.svg#it-search\"><\/use>\n                        <\/svg>Nh\u1eadp th\u00f4ng s\u1ed1 \u0111\u1ec3 t\u00ecm ki\u1ebfm                    <\/div>\n                    <form id=\"searchFormPost\" name=\"form-search-post\" class=\"form-row align-items-center\" action=\"https:\/\/conshochiminh.esteri.it\/vi\/wp-json\/wp\/v2\/pages\/243\/\" method=\"GET\"> \n                        <!-- <div class=\"form-group pt-5\"> -->\n                            <!-- <input type=\"hidden\" id=\"lang\" name=\"lang\" value=\"\"> --> <!-- <\/div> -->\n\n                        <div class=\"it-datepicker-wrapper\">\n                            <div class=\"row\">\n                                <div class=\"form-group col-md-6\">\n                                    <label class=\"active\" for=\"date-init\">T\u1eeb<\/label>\n                                    <input class=\"form-control\" name=\"date-init\" id=\"date-init\" type=\"date\" placeholder=\"gg\/mm\/aaaa\" value=\"\"lang=\"en-EN\">  \n                                <\/div>\n                                <div class=\"form-group col-md-6\">\n                                    <label class=\"active\" for=\"date-end\">\u0110\u1ebfn<\/label>\n                                    <input class=\"form-control\" name=\"date-end\" id=\"date-end\" type=\"date\" placeholder=\"gg\/mm\/aaaa\" value=\"\">\n                                <\/div>\n                            <\/div>\n                        <\/div>\n                        <div class=\"form-group col-md-12 mt-3\">\n                            <label for=\"searchText\">Tr\u01b0\u1eddng t\u00ecm ki\u1ebfm t\u1ef1 do<\/label>\n                            <input type=\"text\" name=\"searchText\" class=\"form-control\" id=\"searchText\" value=\"\">\n                        <\/div>\n                        <div class=\"form-group col-md-4 offset-md-8 text-end\">\n                            <a href=\"https:\/\/conshochiminh.esteri.it\/vi\/news\/dal_consolato\/\" title=\"Form reset\" id=\"resetImput\" class=\"btn btn-outline-primary btn-xs\">Reset<\/a>\n                            <button type=\"submit\" class=\"btn btn-primary btn-xs\">Hi\u1ec3n th\u1ecb k\u1ebft qu\u1ea3<\/button>\n                        <\/div>\n                    <\/form>\n\t\t\t\t<\/div>\n\t\t\t<\/div>\n\t\t<\/div>\n                    \n            <div class=\"row\">\n                            <div class=\"col-12 mt-3\">\n                <!--start card-->\n                <div class=\"card-wrapper card-space\">\n                    <div class=\"card card-bg card-big border-bottom-card\">\n                        <div class=\"card-body \">\n                                                        <div class=\"category-top\">\n                                                                                                            <span class=\"\">\n                                        <svg class=\"icon icon-secondary\">\n                                            <use xlink:href=\"https:\/\/conshochiminh.esteri.it\/wp-content\/themes\/sedi-tema\/assets\/svg\/sprites.svg#it-calendar\"><\/use>\n                                        <\/svg> 28 April 2026                                    <\/span>\n                                                                    <\/div>\n                            <h5 class=\"card-title big-heading text-uppercase\"><a class=\"text-body text-decoration-none\" href=\"https:\/\/conshochiminh.esteri.it\/vi\/news\/dal_consolato\/2026\/04\/6617\/\" title=\"H\u1ecdc B\u1ed5ng cho c\u00e1c chuy\u1ebfn c\u00f4ng t\u00e1c c\u1ee7a c\u00e1c nh\u00e0 nghi\u00ean c\u1ee9u, gi\u00e1o vi\u00ean, chuy\u00ean gia, nh\u00e2n v\u1eadt v\u00e0 c\u00e1c nh\u00e0 \u0111i\u1ec1u h\u00e0nh v\u0103n h\u00f3a\">H\u1ecdc B\u1ed5ng cho c\u00e1c chuy\u1ebfn c\u00f4ng t\u00e1c c\u1ee7a c\u00e1c nh\u00e0 nghi\u00ean c\u1ee9u, gi\u00e1o vi\u00ean, chuy\u00ean gia, nh\u00e2n v\u1eadt v\u00e0 c\u00e1c nh\u00e0 \u0111i\u1ec1u h\u00e0nh v\u0103n h\u00f3a<\/a><\/h5>\n                            <p class=\"card-text\">\u0110\u1ec3 th\u00fac \u0111\u1ea9y h\u1ee3p t\u00e1c qu\u1ed1c t\u1ebf trong l\u0129nh v\u1ef1c h\u1ecdc thu\u1eadt v\u00e0 v\u0103n h\u00f3a, B\u1ed9 Ngo\u1ea1i giao v\u00e0 H\u1ee3p t\u00e1c Qu\u1ed1c t\u1ebf Italy (MAECI) cung c\u1ea5p h\u1ecdc b\u1ed5ng \u0111\u1ec3 t\u00e0i tr\u1ee3\u00a0chi ph\u00ed \u0111i l\u1ea1i v\u00e0 \u0103n \u1edf cho c\u00e1c nh\u00e0 nghi\u00ean c\u1ee9u, gi\u00e1o s\u01b0, chuy\u00ean gia, nh\u00e2n v\u1eadt v\u0103n h\u00f3a\u00a0v\u00e0 ng\u01b0\u1eddi l\u00e0m ngh\u1ec1 chuy\u00ean [&hellip;]<\/p>\n                                <a title=\"H\u1ecdc B\u1ed5ng cho c\u00e1c chuy\u1ebfn c\u00f4ng t\u00e1c c\u1ee7a c\u00e1c nh\u00e0 nghi\u00ean c\u1ee9u, gi\u00e1o vi\u00ean, chuy\u00ean gia, nh\u00e2n v\u1eadt v\u00e0 c\u00e1c nh\u00e0 \u0111i\u1ec1u h\u00e0nh v\u0103n h\u00f3a\" class=\"read-more\" href=\"https:\/\/conshochiminh.esteri.it\/vi\/news\/dal_consolato\/2026\/04\/6617\/\">\n                                    <span class=\"text\">\u0110\u1ecdc th\u00eam<\/span>\n                                    <svg class=\"icon\">\n                                    <use xlink:href=\"https:\/\/conshochiminh.esteri.it\/wp-content\/themes\/sedi-tema\/assets\/svg\/sprites.svg#it-arrow-right\"><\/use>\n                                    <\/svg>\n                                <\/a>\n                                                    <\/div>\n                    <\/div>\n                <\/div>\n                <!--end card-->\n                <\/div><!-- col-12 .mt-3-->\n                            <div class=\"col-12 mt-3\">\n                <!--start card-->\n                <div class=\"card-wrapper card-space\">\n                    <div class=\"card card-bg card-big border-bottom-card\">\n                        <div class=\"card-body \">\n                                                        <div class=\"category-top\">\n                                                                                                            <span class=\"\">\n                                        <svg class=\"icon icon-secondary\">\n                                            <use xlink:href=\"https:\/\/conshochiminh.esteri.it\/wp-content\/themes\/sedi-tema\/assets\/svg\/sprites.svg#it-calendar\"><\/use>\n                                        <\/svg> 28 April 2026                                    <\/span>\n                                                                    <\/div>\n                            <h5 class=\"card-title big-heading text-uppercase\"><a class=\"text-body text-decoration-none\" href=\"https:\/\/conshochiminh.esteri.it\/vi\/news\/dal_consolato\/2026\/04\/thong-bao-tuyen-sinh-chuong-trinh-hoc-bong-dau-tu-nhan-tai-tai-italia-cho-nam-hoc-2026-2027\/\" title=\"Th\u00f4ng b\u00e1o tuy\u1ec3n sinh ch\u01b0\u01a1ng tr\u00ecnh h\u1ecdc b\u1ed5ng \u201c\u0110\u1ea7u t\u01b0 nh\u00e2n t\u00e0i t\u1ea1i Italia\u201d cho n\u0103m h\u1ecdc 2026-2027\">Th\u00f4ng b\u00e1o tuy\u1ec3n sinh ch\u01b0\u01a1ng tr\u00ecnh h\u1ecdc b\u1ed5ng \u201c\u0110\u1ea7u t\u01b0 nh\u00e2n t\u00e0i t\u1ea1i Italia\u201d cho n\u0103m h\u1ecdc 2026-2027<\/a><\/h5>\n                            <p class=\"card-text\">&nbsp; Th\u00f4ng b\u00e1o tuy\u1ec3n sinh\u00a0ch\u01b0\u01a1ng\u00a0tr\u00ecnh h\u1ecdc b\u1ed5ng \u201cInvest Your Talent in Italy\u201d cho n\u0103m h\u1ecdc 2026-2027 hi\u1ec7n \u0111\u00e3 \u0111\u01b0\u1ee3c \u0111\u0103ng t\u1ea3i tr\u1ef1c tuy\u1ebfn. Ch\u01b0\u01a1ng tr\u00ecnh nh\u1eb1m m\u1ee5c \u0111\u00edch th\u00fac \u0111\u1ea9y qu\u1ed1c t\u1ebf h\u00f3a h\u1ec7 th\u1ed1ng gi\u00e1o d\u1ee5c \u0111\u1ea1i h\u1ecdc Italia v\u00e0 t\u0103ng c\u01b0\u1eddng s\u1ef1 h\u1ee3p t\u00e1c gi\u1eefa c\u00e1c tr\u01b0\u1eddng \u0111\u1ea1i h\u1ecdc v\u00e0 doanh nghi\u1ec7p. Do [&hellip;]<\/p>\n                                <a title=\"Th\u00f4ng b\u00e1o tuy\u1ec3n sinh ch\u01b0\u01a1ng tr\u00ecnh h\u1ecdc b\u1ed5ng \u201c\u0110\u1ea7u t\u01b0 nh\u00e2n t\u00e0i t\u1ea1i Italia\u201d cho n\u0103m h\u1ecdc 2026-2027\" class=\"read-more\" href=\"https:\/\/conshochiminh.esteri.it\/vi\/news\/dal_consolato\/2026\/04\/thong-bao-tuyen-sinh-chuong-trinh-hoc-bong-dau-tu-nhan-tai-tai-italia-cho-nam-hoc-2026-2027\/\">\n                                    <span class=\"text\">\u0110\u1ecdc th\u00eam<\/span>\n                                    <svg class=\"icon\">\n                                    <use xlink:href=\"https:\/\/conshochiminh.esteri.it\/wp-content\/themes\/sedi-tema\/assets\/svg\/sprites.svg#it-arrow-right\"><\/use>\n                                    <\/svg>\n                                <\/a>\n                                                    <\/div>\n                    <\/div>\n                <\/div>\n                <!--end card-->\n                <\/div><!-- col-12 .mt-3-->\n                            <div class=\"col-12 mt-3\">\n                <!--start card-->\n                <div class=\"card-wrapper card-space\">\n                    <div class=\"card card-bg card-big border-bottom-card\">\n                        <div class=\"card-body \">\n                                                        <div class=\"category-top\">\n                                                                                                            <span class=\"\">\n                                        <svg class=\"icon icon-secondary\">\n                                            <use xlink:href=\"https:\/\/conshochiminh.esteri.it\/wp-content\/themes\/sedi-tema\/assets\/svg\/sprites.svg#it-calendar\"><\/use>\n                                        <\/svg> 21 April 2026                                    <\/span>\n                                                                    <\/div>\n                            <h5 class=\"card-title big-heading text-uppercase\"><a class=\"text-body text-decoration-none\" href=\"https:\/\/conshochiminh.esteri.it\/vi\/news\/dal_consolato\/2026\/04\/ngay-nghien-cuu-y-tren-the-gioi\/\" title=\"Ng\u00e0y Nghi\u00ean c\u1ee9u \u00dd tr\u00ean Th\u1ebf gi\u1edbi\">Ng\u00e0y Nghi\u00ean c\u1ee9u \u00dd tr\u00ean Th\u1ebf gi\u1edbi<\/a><\/h5>\n                            <p class=\"card-text\">C\u00f9ng v\u1edbi T\u00f9y vi\u00ean Khoa h\u1ecdc c\u1ee7a \u0110\u1ea1i s\u1ee9 qu\u00e1n \u00dd t\u1ea1i H\u00e0 N\u1ed9i, GS. Marco Abbiati, T\u1ed5ng L\u00e3nh s\u1ef1 Alessandra Tognonato \u0111\u00e3 ph\u00e1t bi\u1ec3u khai m\u1ea1c, ch\u00fac m\u1eebng c\u1ed9ng \u0111\u1ed3ng khoa h\u1ecdc Vi\u1ec7t Nam v\u00ec nh\u1eefng ghi nh\u1eadn g\u1ea7n \u0111\u00e2y c\u1ee7a UNESCO, \u0111\u1ed3ng th\u1eddi nh\u1ea5n m\u1ea1nh gi\u00e1 tr\u1ecb c\u1ee7a Ng\u00e0y Nghi\u00ean c\u1ee9u \u00dd tr\u00ean [&hellip;]<\/p>\n                                <a title=\"Ng\u00e0y Nghi\u00ean c\u1ee9u \u00dd tr\u00ean Th\u1ebf gi\u1edbi\" class=\"read-more\" href=\"https:\/\/conshochiminh.esteri.it\/vi\/news\/dal_consolato\/2026\/04\/ngay-nghien-cuu-y-tren-the-gioi\/\">\n                                    <span class=\"text\">\u0110\u1ecdc th\u00eam<\/span>\n                                    <svg class=\"icon\">\n                                    <use xlink:href=\"https:\/\/conshochiminh.esteri.it\/wp-content\/themes\/sedi-tema\/assets\/svg\/sprites.svg#it-arrow-right\"><\/use>\n                                    <\/svg>\n                                <\/a>\n                                                    <\/div>\n                    <\/div>\n                <\/div>\n                <!--end card-->\n                <\/div><!-- col-12 .mt-3-->\n                            <div class=\"col-12 mt-3\">\n                <!--start card-->\n                <div class=\"card-wrapper card-space\">\n                    <div class=\"card card-bg card-big border-bottom-card\">\n                        <div class=\"card-body \">\n                                                        <div class=\"category-top\">\n                                                                                                            <span class=\"\">\n                                        <svg class=\"icon icon-secondary\">\n                                            <use xlink:href=\"https:\/\/conshochiminh.esteri.it\/wp-content\/themes\/sedi-tema\/assets\/svg\/sprites.svg#it-calendar\"><\/use>\n                                        <\/svg> 15 April 2026                                    <\/span>\n                                                                    <\/div>\n                            <h5 class=\"card-title big-heading text-uppercase\"><a class=\"text-body text-decoration-none\" href=\"https:\/\/conshochiminh.esteri.it\/vi\/news\/dal_consolato\/2026\/04\/ngay-made-in-italy-2026-tai-thanh-pho-ho-chi-minh-viet-nam\/\" title=\"Ng\u00e0y Made in Italy 2026 t\u1ea1i Th\u00e0nh ph\u1ed1 H\u1ed3 Ch\u00ed Minh, Vi\u1ec7t Nam\">Ng\u00e0y Made in Italy 2026 t\u1ea1i Th\u00e0nh ph\u1ed1 H\u1ed3 Ch\u00ed Minh, Vi\u1ec7t Nam<\/a><\/h5>\n                            <p class=\"card-text\">S\u1ef1 ki\u1ec7n \u201cMade in Italy Afloat: Italian Excellence on the Saigon River\u201d, ng\u00e0y 14\/4\/2026 Phi\u00ean b\u1ea3n n\u0103m 2026 c\u1ee7a Ng\u00e0y Made in Italy, do T\u1ed5ng L\u00e3nh s\u1ef1 qu\u00e1n \u00dd t\u1ea1i Th\u00e0nh ph\u1ed1 H\u1ed3 Ch\u00ed Minh t\u1ed5 ch\u1ee9c, \u0111\u01b0\u1ee3c d\u00e0nh \u0111\u1ec3 t\u00f4n vinh s\u1ef1 xu\u1ea5t s\u1eafc c\u1ee7a \u00dd trong l\u0129nh v\u1ef1c du thuy\u1ec1n gi\u1ea3i tr\u00ed, m\u1ed9t [&hellip;]<\/p>\n                                <a title=\"Ng\u00e0y Made in Italy 2026 t\u1ea1i Th\u00e0nh ph\u1ed1 H\u1ed3 Ch\u00ed Minh, Vi\u1ec7t Nam\" class=\"read-more\" href=\"https:\/\/conshochiminh.esteri.it\/vi\/news\/dal_consolato\/2026\/04\/ngay-made-in-italy-2026-tai-thanh-pho-ho-chi-minh-viet-nam\/\">\n                                    <span class=\"text\">\u0110\u1ecdc th\u00eam<\/span>\n                                    <svg class=\"icon\">\n                                    <use xlink:href=\"https:\/\/conshochiminh.esteri.it\/wp-content\/themes\/sedi-tema\/assets\/svg\/sprites.svg#it-arrow-right\"><\/use>\n                                    <\/svg>\n                                <\/a>\n                                                    <\/div>\n                    <\/div>\n                <\/div>\n                <!--end card-->\n                <\/div><!-- col-12 .mt-3-->\n                            <div class=\"col-12 mt-3\">\n                <!--start card-->\n                <div class=\"card-wrapper card-space\">\n                    <div class=\"card card-bg card-big border-bottom-card\">\n                        <div class=\"card-body \">\n                                                        <div class=\"category-top\">\n                                                                                                            <span class=\"\">\n                                        <svg class=\"icon icon-secondary\">\n                                            <use xlink:href=\"https:\/\/conshochiminh.esteri.it\/wp-content\/themes\/sedi-tema\/assets\/svg\/sprites.svg#it-calendar\"><\/use>\n                                        <\/svg> 10 April 2026                                    <\/span>\n                                                                    <\/div>\n                            <h5 class=\"card-title big-heading text-uppercase\"><a class=\"text-body text-decoration-none\" href=\"https:\/\/conshochiminh.esteri.it\/vi\/news\/dal_consolato\/2026\/04\/nuoc-y-tai-thanh-pho-ho-chi-minh-chien-luoc-va-tam-nhin-tai-mosaic-minds-2\/\" title=\"N\u01b0\u1edbc \u00dd t\u1ea1i Th\u00e0nh ph\u1ed1 H\u1ed3 Ch\u00ed Minh: chi\u1ebfn l\u01b0\u1ee3c v\u00e0 t\u1ea7m nh\u00ecn t\u1ea1i Mosaic Minds\">N\u01b0\u1edbc \u00dd t\u1ea1i Th\u00e0nh ph\u1ed1 H\u1ed3 Ch\u00ed Minh: chi\u1ebfn l\u01b0\u1ee3c v\u00e0 t\u1ea7m nh\u00ecn t\u1ea1i Mosaic Minds<\/a><\/h5>\n                            <p class=\"card-text\">T\u1ed5ng L\u00e3nh s\u1ef1 Alessandra Tognonato \u0111\u00e3 tham gia Mosaic Minds, podcast c\u1ee7a My Holland, \u0111\u1ec3 tr\u00ecnh b\u00e0y c\u00e1c \u01b0u ti\u00ean trong vi\u1ec7c th\u00fac \u0111\u1ea9y H\u1ec7 th\u1ed1ng Italia t\u1ea1i khu v\u1ef1c mi\u1ec1n Nam v\u00e0 mi\u1ec1n Trung Vi\u1ec7t Nam. T\u1eadp trung v\u00e0o vi\u1ec7c ph\u00e1t huy c\u00e1c th\u1ebf m\u1ea1nh xu\u1ea5t s\u1eafc c\u1ee7a \u00dd, c\u00e1c c\u00f4ng c\u1ee5 v\u00e0 chi\u1ebfn [&hellip;]<\/p>\n                                <a title=\"N\u01b0\u1edbc \u00dd t\u1ea1i Th\u00e0nh ph\u1ed1 H\u1ed3 Ch\u00ed Minh: chi\u1ebfn l\u01b0\u1ee3c v\u00e0 t\u1ea7m nh\u00ecn t\u1ea1i Mosaic Minds\" class=\"read-more\" href=\"https:\/\/conshochiminh.esteri.it\/vi\/news\/dal_consolato\/2026\/04\/nuoc-y-tai-thanh-pho-ho-chi-minh-chien-luoc-va-tam-nhin-tai-mosaic-minds-2\/\">\n                                    <span class=\"text\">\u0110\u1ecdc th\u00eam<\/span>\n                                    <svg class=\"icon\">\n                                    <use xlink:href=\"https:\/\/conshochiminh.esteri.it\/wp-content\/themes\/sedi-tema\/assets\/svg\/sprites.svg#it-arrow-right\"><\/use>\n                                    <\/svg>\n                                <\/a>\n                                                    <\/div>\n                    <\/div>\n                <\/div>\n                <!--end card-->\n                <\/div><!-- col-12 .mt-3-->\n                            <div class=\"col-12 mt-3\">\n                <!--start card-->\n                <div class=\"card-wrapper card-space\">\n                    <div class=\"card card-bg card-big border-bottom-card\">\n                        <div class=\"card-body \">\n                                                        <div class=\"category-top\">\n                                                                                                            <span class=\"\">\n                                        <svg class=\"icon icon-secondary\">\n                                            <use xlink:href=\"https:\/\/conshochiminh.esteri.it\/wp-content\/themes\/sedi-tema\/assets\/svg\/sprites.svg#it-calendar\"><\/use>\n                                        <\/svg> 10 April 2026                                    <\/span>\n                                                                    <\/div>\n                            <h5 class=\"card-title big-heading text-uppercase\"><a class=\"text-body text-decoration-none\" href=\"https:\/\/conshochiminh.esteri.it\/vi\/news\/dal_consolato\/2026\/04\/nuoc-y-tai-thanh-pho-ho-chi-minh-chien-luoc-va-tam-nhin-tai-mosaic-minds\/\" title=\"N\u01b0\u1edbc \u00dd t\u1ea1i Th\u00e0nh ph\u1ed1 H\u1ed3 Ch\u00ed Minh: chi\u1ebfn l\u01b0\u1ee3c v\u00e0 t\u1ea7m nh\u00ecn t\u1ea1i Mosaic Minds\">N\u01b0\u1edbc \u00dd t\u1ea1i Th\u00e0nh ph\u1ed1 H\u1ed3 Ch\u00ed Minh: chi\u1ebfn l\u01b0\u1ee3c v\u00e0 t\u1ea7m nh\u00ecn t\u1ea1i Mosaic Minds<\/a><\/h5>\n                            <p class=\"card-text\">T\u1ed5ng L\u00e3nh s\u1ef1 Alessandra Tognonato \u0111\u00e3 tham gia Mosaic Minds, podcast c\u1ee7a My Holland, \u0111\u1ec3 tr\u00ecnh b\u00e0y c\u00e1c \u01b0u ti\u00ean trong vi\u1ec7c th\u00fac \u0111\u1ea9y H\u1ec7 th\u1ed1ng Italia t\u1ea1i khu v\u1ef1c mi\u1ec1n Nam v\u00e0 mi\u1ec1n Trung Vi\u1ec7t Nam. T\u1eadp trung v\u00e0o vi\u1ec7c ph\u00e1t huy c\u00e1c th\u1ebf m\u1ea1nh xu\u1ea5t s\u1eafc c\u1ee7a \u00dd, c\u00e1c c\u00f4ng c\u1ee5 v\u00e0 chi\u1ebfn [&hellip;]<\/p>\n                                <a title=\"N\u01b0\u1edbc \u00dd t\u1ea1i Th\u00e0nh ph\u1ed1 H\u1ed3 Ch\u00ed Minh: chi\u1ebfn l\u01b0\u1ee3c v\u00e0 t\u1ea7m nh\u00ecn t\u1ea1i Mosaic Minds\" class=\"read-more\" href=\"https:\/\/conshochiminh.esteri.it\/vi\/news\/dal_consolato\/2026\/04\/nuoc-y-tai-thanh-pho-ho-chi-minh-chien-luoc-va-tam-nhin-tai-mosaic-minds\/\">\n                                    <span class=\"text\">\u0110\u1ecdc th\u00eam<\/span>\n                                    <svg class=\"icon\">\n                                    <use xlink:href=\"https:\/\/conshochiminh.esteri.it\/wp-content\/themes\/sedi-tema\/assets\/svg\/sprites.svg#it-arrow-right\"><\/use>\n                                    <\/svg>\n                                <\/a>\n                                                    <\/div>\n                    <\/div>\n                <\/div>\n                <!--end card-->\n                <\/div><!-- col-12 .mt-3-->\n                            <div class=\"col-12 mt-3\">\n                <!--start card-->\n                <div class=\"card-wrapper card-space\">\n                    <div class=\"card card-bg card-big border-bottom-card\">\n                        <div class=\"card-body \">\n                                                        <div class=\"category-top\">\n                                                                                                            <span class=\"\">\n                                        <svg class=\"icon icon-secondary\">\n                                            <use xlink:href=\"https:\/\/conshochiminh.esteri.it\/wp-content\/themes\/sedi-tema\/assets\/svg\/sprites.svg#it-calendar\"><\/use>\n                                        <\/svg> 1 April 2026                                    <\/span>\n                                                                    <\/div>\n                            <h5 class=\"card-title big-heading text-uppercase\"><a class=\"text-body text-decoration-none\" href=\"https:\/\/conshochiminh.esteri.it\/vi\/news\/dal_consolato\/2026\/04\/ho-chi-minh-city-raccontata-dalla-console-generale-su-rai-isoradio\/\" title=\"Th\u00e0nh ph\u1ed1 H\u1ed3 Ch\u00ed Minh \u0111\u01b0\u1ee3c T\u1ed5ng L\u00e3nh s\u1ef1 k\u1ec3 l\u1ea1i tr\u00ean Rai Isoradio\">Th\u00e0nh ph\u1ed1 H\u1ed3 Ch\u00ed Minh \u0111\u01b0\u1ee3c T\u1ed5ng L\u00e3nh s\u1ef1 k\u1ec3 l\u1ea1i tr\u00ean Rai Isoradio<\/a><\/h5>\n                            <p class=\"card-text\">T\u1ed5ng L\u00e3nh s\u1ef1 Alessandra Tognonato \u0111\u00e3 l\u00e0 kh\u00e1ch m\u1eddi c\u1ee7a Elena Carbonari trong chuy\u00ean m\u1ee5c \u201cSenza Confini\u201d tr\u00ean Rai Isoradio, ch\u01b0\u01a1ng tr\u00ecnh \u043f\u043e\u0441\u0432\u044f\u0449\u0451\u043d ho\u1ea1t \u0111\u1ed9ng c\u1ee7a B\u1ed9 Ngo\u1ea1i giao v\u00e0 H\u1ee3p t\u00e1c Qu\u1ed1c t\u1ebf \u00dd. Th\u00e0nh ph\u1ed1 ti\u1ebfp t\u1ee5c kh\u1eb3ng \u0111\u1ecbnh l\u00e0 trung t\u00e2m kinh t\u1ebf v\u00e0 t\u00e0i ch\u00ednh c\u1ee7a Vi\u1ec7t Nam, \u0111\u1ed3ng th\u1eddi l\u00e0 [&hellip;]<\/p>\n                                <a title=\"Th\u00e0nh ph\u1ed1 H\u1ed3 Ch\u00ed Minh \u0111\u01b0\u1ee3c T\u1ed5ng L\u00e3nh s\u1ef1 k\u1ec3 l\u1ea1i tr\u00ean Rai Isoradio\" class=\"read-more\" href=\"https:\/\/conshochiminh.esteri.it\/vi\/news\/dal_consolato\/2026\/04\/ho-chi-minh-city-raccontata-dalla-console-generale-su-rai-isoradio\/\">\n                                    <span class=\"text\">\u0110\u1ecdc th\u00eam<\/span>\n                                    <svg class=\"icon\">\n                                    <use xlink:href=\"https:\/\/conshochiminh.esteri.it\/wp-content\/themes\/sedi-tema\/assets\/svg\/sprites.svg#it-arrow-right\"><\/use>\n                                    <\/svg>\n                                <\/a>\n                                                    <\/div>\n                    <\/div>\n                <\/div>\n                <!--end card-->\n                <\/div><!-- col-12 .mt-3-->\n                            <div class=\"col-12 mt-3\">\n                <!--start card-->\n                <div class=\"card-wrapper card-space\">\n                    <div class=\"card card-bg card-big border-bottom-card\">\n                        <div class=\"card-body \">\n                                                        <div class=\"category-top\">\n                                                                                                            <span class=\"\">\n                                        <svg class=\"icon icon-secondary\">\n                                            <use xlink:href=\"https:\/\/conshochiminh.esteri.it\/wp-content\/themes\/sedi-tema\/assets\/svg\/sprites.svg#it-calendar\"><\/use>\n                                        <\/svg> 30 March 2026                                    <\/span>\n                                                                    <\/div>\n                            <h5 class=\"card-title big-heading text-uppercase\"><a class=\"text-body text-decoration-none\" href=\"https:\/\/conshochiminh.esteri.it\/vi\/news\/dal_consolato\/2026\/03\/dialogo-istituzionale-per-nuove-opportunita-di-investimento-a-ho-chi-minh-city\/\" title=\"\u0110\u1ed1i tho\u1ea1i th\u1ec3 ch\u1ebf nh\u1eb1m m\u1edf ra c\u00e1c c\u01a1 h\u1ed9i \u0111\u1ea7u t\u01b0 m\u1edbi t\u1ea1i Th\u00e0nh ph\u1ed1 H\u1ed3 Ch\u00ed Minh\">\u0110\u1ed1i tho\u1ea1i th\u1ec3 ch\u1ebf nh\u1eb1m m\u1edf ra c\u00e1c c\u01a1 h\u1ed9i \u0111\u1ea7u t\u01b0 m\u1edbi t\u1ea1i Th\u00e0nh ph\u1ed1 H\u1ed3 Ch\u00ed Minh<\/a><\/h5>\n                            <p class=\"card-text\">Trong khu\u00f4n kh\u1ed5 c\u00e1c ho\u1ea1t \u0111\u1ed9ng c\u1ee7a B\u1ed9 Ngo\u1ea1i giao \u00dd nh\u1eb1m h\u1ed7 tr\u1ee3 qu\u1ed1c t\u1ebf h\u00f3a c\u00e1c doanh nghi\u1ec7p l\u1edbn v\u00e0 th\u00fac \u0111\u1ea9y l\u1ee3i \u00edch c\u1ee7a h\u1ec7 th\u1ed1ng kinh doanh \u00dd trong c\u00e1c l\u0129nh v\u1ef1c chi\u1ebfn l\u01b0\u1ee3c, T\u1ed5ng L\u00e3nh s\u1ef1 \u00dd t\u1ea1i TP.HCM, Alessandra Tognonato, c\u00f9ng v\u1edbi \u0111\u1ea1i di\u1ec7n c\u1ee7a VARD v\u00e0 Fincantieri, \u0111\u00e3 [&hellip;]<\/p>\n                                <a title=\"\u0110\u1ed1i tho\u1ea1i th\u1ec3 ch\u1ebf nh\u1eb1m m\u1edf ra c\u00e1c c\u01a1 h\u1ed9i \u0111\u1ea7u t\u01b0 m\u1edbi t\u1ea1i Th\u00e0nh ph\u1ed1 H\u1ed3 Ch\u00ed Minh\" class=\"read-more\" href=\"https:\/\/conshochiminh.esteri.it\/vi\/news\/dal_consolato\/2026\/03\/dialogo-istituzionale-per-nuove-opportunita-di-investimento-a-ho-chi-minh-city\/\">\n                                    <span class=\"text\">\u0110\u1ecdc th\u00eam<\/span>\n                                    <svg class=\"icon\">\n                                    <use xlink:href=\"https:\/\/conshochiminh.esteri.it\/wp-content\/themes\/sedi-tema\/assets\/svg\/sprites.svg#it-arrow-right\"><\/use>\n                                    <\/svg>\n                                <\/a>\n                                                    <\/div>\n                    <\/div>\n                <\/div>\n                <!--end card-->\n                <\/div><!-- col-12 .mt-3-->\n                            <div class=\"col-12 mt-3\">\n                <!--start card-->\n                <div class=\"card-wrapper card-space\">\n                    <div class=\"card card-bg card-big border-bottom-card\">\n                        <div class=\"card-body \">\n                                                        <div class=\"category-top\">\n                                                                                                            <span class=\"\">\n                                        <svg class=\"icon icon-secondary\">\n                                            <use xlink:href=\"https:\/\/conshochiminh.esteri.it\/wp-content\/themes\/sedi-tema\/assets\/svg\/sprites.svg#it-calendar\"><\/use>\n                                        <\/svg> 24 March 2026                                    <\/span>\n                                                                    <\/div>\n                            <h5 class=\"card-title big-heading text-uppercase\"><a class=\"text-body text-decoration-none\" href=\"https:\/\/conshochiminh.esteri.it\/vi\/news\/dal_consolato\/2026\/03\/italia-quinta-presenza-a-food-and-hospitality-vietnam-2026\/\" title=\"\u00dd tham gia Food and Hospitality Vietnam 2026 l\u1ea7n th\u1ee9 n\u0103m\">\u00dd tham gia Food and Hospitality Vietnam 2026 l\u1ea7n th\u1ee9 n\u0103m<\/a><\/h5>\n                            <p class=\"card-text\">T\u1ed5ng L\u00e3nh s\u1ef1 Alessandra Tognonato \u0111\u00e3 tham d\u1ef1 L\u1ec5 Khai m\u1ea1c Food and Hospitality Vietnam 2026 h\u00f4m nay. L\u00e0 m\u1ed9t trong nh\u1eefng h\u1ed9i ch\u1ee3 quan tr\u1ecdng nh\u1ea5t trong l\u0129nh v\u1ef1c th\u1ef1c ph\u1ea9m v\u00e0 d\u1ecbch v\u1ee5 l\u01b0u tr\u00fa t\u1ea1i Vi\u1ec7t Nam c\u0169ng nh\u01b0 to\u00e0n khu v\u1ef1c ASEAN, s\u1ef1 ki\u1ec7n n\u0103m nay \u0111\u00e1nh d\u1ea5u l\u1ea7n th\u1ee9 n\u0103m [&hellip;]<\/p>\n                                <a title=\"\u00dd tham gia Food and Hospitality Vietnam 2026 l\u1ea7n th\u1ee9 n\u0103m\" class=\"read-more\" href=\"https:\/\/conshochiminh.esteri.it\/vi\/news\/dal_consolato\/2026\/03\/italia-quinta-presenza-a-food-and-hospitality-vietnam-2026\/\">\n                                    <span class=\"text\">\u0110\u1ecdc th\u00eam<\/span>\n                                    <svg class=\"icon\">\n                                    <use xlink:href=\"https:\/\/conshochiminh.esteri.it\/wp-content\/themes\/sedi-tema\/assets\/svg\/sprites.svg#it-arrow-right\"><\/use>\n                                    <\/svg>\n                                <\/a>\n                                                    <\/div>\n                    <\/div>\n                <\/div>\n                <!--end card-->\n                <\/div><!-- col-12 .mt-3-->\n                            <div class=\"col-12 mt-3\">\n                <!--start card-->\n                <div class=\"card-wrapper card-space\">\n                    <div class=\"card card-bg card-big border-bottom-card\">\n                        <div class=\"card-body \">\n                                                        <div class=\"category-top\">\n                                                                                                            <span class=\"\">\n                                        <svg class=\"icon icon-secondary\">\n                                            <use xlink:href=\"https:\/\/conshochiminh.esteri.it\/wp-content\/themes\/sedi-tema\/assets\/svg\/sprites.svg#it-calendar\"><\/use>\n                                        <\/svg> 24 March 2026                                    <\/span>\n                                                                    <\/div>\n                            <h5 class=\"card-title big-heading text-uppercase\"><a class=\"text-body text-decoration-none\" href=\"https:\/\/conshochiminh.esteri.it\/vi\/news\/dal_consolato\/2026\/03\/studiare-in-italia-tra-eccellenza-accademica-e-crescita-personale\/\" title=\"Du h\u1ecdc t\u1ea1i \u00dd: gi\u1eefa xu\u1ea5t s\u1eafc h\u1ecdc thu\u1eadt v\u00e0 ph\u00e1t tri\u1ec3n c\u00e1 nh\u00e2n\">Du h\u1ecdc t\u1ea1i \u00dd: gi\u1eefa xu\u1ea5t s\u1eafc h\u1ecdc thu\u1eadt v\u00e0 ph\u00e1t tri\u1ec3n c\u00e1 nh\u00e2n<\/a><\/h5>\n                            <p class=\"card-text\">V\u00e0o Ch\u1ee7 nh\u1eadt, ng\u00e0y 22 th\u00e1ng 3, T\u1ed5ng L\u00e3nh s\u1ef1 Alessandra Tognonato \u0111\u00e3 c\u00f9ng Uni Italia v\u00e0 \u0110\u1ea1i h\u1ecdc Padova g\u1eb7p g\u1ee1 nhi\u1ec1u sinh vi\u00ean Vi\u1ec7t Nam quan t\u00e2m \u0111\u1ebfn c\u01a1 h\u1ed9i h\u1ecdc t\u1eadp t\u1ea1i \u00dd. V\u1edbi c\u00e1c h\u1ecdc b\u1ed5ng do B\u1ed9 Ngo\u1ea1i giao \u00dd cung c\u1ea5p c\u00f9ng c\u00e1c ch\u01b0\u01a1ng tr\u00ecnh \u0111\u00e0o t\u1ea1o ch\u1ea5t l\u01b0\u1ee3ng [&hellip;]<\/p>\n                                <a title=\"Du h\u1ecdc t\u1ea1i \u00dd: gi\u1eefa xu\u1ea5t s\u1eafc h\u1ecdc thu\u1eadt v\u00e0 ph\u00e1t tri\u1ec3n c\u00e1 nh\u00e2n\" class=\"read-more\" href=\"https:\/\/conshochiminh.esteri.it\/vi\/news\/dal_consolato\/2026\/03\/studiare-in-italia-tra-eccellenza-accademica-e-crescita-personale\/\">\n                                    <span class=\"text\">\u0110\u1ecdc th\u00eam<\/span>\n                                    <svg class=\"icon\">\n                                    <use xlink:href=\"https:\/\/conshochiminh.esteri.it\/wp-content\/themes\/sedi-tema\/assets\/svg\/sprites.svg#it-arrow-right\"><\/use>\n                                    <\/svg>\n                                <\/a>\n                                                    <\/div>\n                    <\/div>\n                <\/div>\n                <!--end card-->\n                <\/div><!-- col-12 .mt-3-->\n            \n            <div class=\"col-md-12 mt-4 pb-4\">\n                <nav class=\"navigation col-md-12\" aria-label=\"Navigation\">\n                    <h2 class=\"screen-reader-text visually-hidden\">Pagination<\/h2>\n                    <div class=\"nav-links\">\n                    <span aria-current=\"page\" class=\"page-numbers current\">1<\/span>\n<a class=\"page-numbers\" href=\"https:\/\/conshochiminh.esteri.it\/vi\/wp-json\/wp\/v2\/pages\/243\/?pag=2\">2<\/a>\n<a class=\"page-numbers\" href=\"https:\/\/conshochiminh.esteri.it\/vi\/wp-json\/wp\/v2\/pages\/243\/?pag=3\">3<\/a>\n<span class=\"page-numbers dots\">&hellip;<\/span>\n<a class=\"page-numbers\" href=\"https:\/\/conshochiminh.esteri.it\/vi\/wp-json\/wp\/v2\/pages\/243\/?pag=7\">7<\/a>\n<a class=\"next page-numbers\" href=\"https:\/\/conshochiminh.esteri.it\/vi\/wp-json\/wp\/v2\/pages\/243\/?pag=2\"><svg class=\"icon icon-primary\"><use xlink:href=\"https:\/\/conshochiminh.esteri.it\/wp-content\/themes\/sedi-tema\/assets\/svg\/sprites.svg#it-chevron-right\"><\/use><\/svg>\n                                    <span class=\"visually-hidden\">Trang ti\u1ebfp theo<\/span><\/a>                    <\/div>\n                <\/nav>\n            <\/div>   <!--.col-md-12 -->\n              <\/div><!--.row -->\n              \n","protected":false},"excerpt":{"rendered":"","protected":false},"author":1,"featured_media":0,"parent":241,"menu_order":0,"comment_status":"closed","ping_status":"closed","template":"","meta":{"footnotes":""},"class_list":["post-243","page","type-page","status-publish","hentry"],"_links":{"self":[{"href":"https:\/\/conshochiminh.esteri.it\/vi\/wp-json\/wp\/v2\/pages\/243","targetHints":{"allow":["GET"]}}],"collection":[{"href":"https:\/\/conshochiminh.esteri.it\/vi\/wp-json\/wp\/v2\/pages"}],"about":[{"href":"https:\/\/conshochiminh.esteri.it\/vi\/wp-json\/wp\/v2\/types\/page"}],"author":[{"embeddable":true,"href":"https:\/\/conshochiminh.esteri.it\/vi\/wp-json\/wp\/v2\/users\/1"}],"replies":[{"embeddable":true,"href":"https:\/\/conshochiminh.esteri.it\/vi\/wp-json\/wp\/v2\/comments?post=243"}],"version-history":[{"count":1,"href":"https:\/\/conshochiminh.esteri.it\/vi\/wp-json\/wp\/v2\/pages\/243\/revisions"}],"predecessor-version":[{"id":321,"href":"https:\/\/conshochiminh.esteri.it\/vi\/wp-json\/wp\/v2\/pages\/243\/revisions\/321"}],"up":[{"embeddable":true,"href":"https:\/\/conshochiminh.esteri.it\/vi\/wp-json\/wp\/v2\/pages\/241"}],"wp:attachment":[{"href":"https:\/\/conshochiminh.esteri.it\/vi\/wp-json\/wp\/v2\/media?parent=243"}],"curies":[{"name":"wp","href":"https:\/\/api.w.org\/{rel}","templated":true}]}}